{"id":238202,"date":"2026-03-31T14:30:56","date_gmt":"2026-03-31T13:30:56","guid":{"rendered":"https:\/\/costeira.wine\/?post_type=product&#038;p=238202"},"modified":"2026-04-01T11:11:44","modified_gmt":"2026-04-01T10:11:44","slug":"as-furnas","status":"publish","type":"product","link":"https:\/\/costeira.wine\/en\/tienda\/denomination-of-origin\/do-ribeiro-en\/as-furnas\/","title":{"rendered":"As Furnas"},"content":{"rendered":"<p>P<span style=\"font-family: -apple-system, BlinkMacSystemFont, 'Segoe UI', Roboto, 'Helvetica Neue', Arial, 'Noto Sans', sans-serif, 'Apple Color Emoji', 'Segoe UI Emoji', 'Segoe UI Symbol', 'Noto Color Emoji';\">araje de dorados y c\u00e1lidos atardeceres estivales que abrazan nuestros vi\u00f1edos, madurando el fruto que deleitar\u00e1 los sentidos.<\/span><\/p>\n<p class=\"cvGsUA direction-ltr align-start para-style-body\"><span class=\"a_GcMg font-feature-liga-off font-feature-clig-off font-feature-calt-off text-decoration-none text-strikethrough-none\">Nuestro <\/span><span class=\"a_GcMg font-feature-liga-off font-feature-clig-off font-feature-calt-off text-decoration-none text-strikethrough-none\">arraigo a los valles del <strong>Ribeiro<\/strong>,<\/span><span class=\"a_GcMg font-feature-liga-off font-feature-clig-off font-feature-calt-off text-decoration-none text-strikethrough-none\"> la naturaleza atl\u00e1ntica del clima donde maduran las uvas <strong>Godello<\/strong>.<\/span><\/p>\n<p class=\"cvGsUA direction-ltr align-start para-style-body\"><span class=\"a_GcMg font-feature-liga-off font-feature-clig-off font-feature-calt-off text-decoration-none text-strikethrough-none\">Un <\/span><span class=\"a_GcMg font-feature-liga-off font-feature-clig-off font-feature-calt-off text-decoration-none text-strikethrough-none\">homenaje al <strong>car\u00e1cter m\u00e1s c\u00e1lido y estival de las costeiras<\/strong>,<\/span><span class=\"a_GcMg font-feature-liga-off font-feature-clig-off font-feature-calt-off text-decoration-none text-strikethrough-none\"> donde los racimos maduran mecidos por la brisa distante<\/span> <span class=\"a_GcMg font-feature-liga-off font-feature-clig-off font-feature-calt-off text-decoration-none text-strikethrough-none\">que todav\u00eda es quien de llegar al mar y dejar un ligero recuerdo de <strong>salinidad<\/strong> en cada r\u00edo que da la vida a estos valles.<br \/>\n<\/span><\/p>\n","protected":false},"excerpt":{"rendered":"<p>Paraje de dorados y c\u00e1lidos atardeceres estivales que abrazan nuestros vi\u00f1edos, madurando el fruto que deleitar\u00e1 los sentidos. Nuestro arraigo a los valles del Ribeiro, la naturaleza atl\u00e1ntica del clima donde maduran las uvas Godello. Un homenaje al car\u00e1cter m\u00e1s c\u00e1lido y estival de las costeiras, donde los racimos maduran mecidos por la brisa distante [&hellip;]<\/p>\n","protected":false},"featured_media":238214,"template":"","meta":[],"product_brand":[],"product_cat":[39,102,37,57,34],"product_tag":[],"gift":[],"color":[27],"grape":[31],"woo-feed-brand":[],"class_list":{"0":"post-238202","1":"product","2":"type-product","3":"status-publish","4":"has-post-thumbnail","6":"product_cat-blanco","7":"product_cat-do-ribeiro","8":"product_cat-ribeiro","9":"product_cat-vina-costeira-ribeiro","10":"product_cat-vino","11":"color-blanco","12":"grape-godello","14":"first","15":"instock","16":"shipping-taxable","17":"purchasable","18":"product-type-variable","19":"has-default-attributes"},"yoast_head":"<!-- This site is optimized with the Yoast SEO plugin v27.5 - https:\/\/yoast.com\/product\/yoast-seo-wordpress\/ -->\n<title>As Furnas - Vi\u00f1a costeira<\/title>\n<meta name=\"description\" content=\"Godello del Ribeiro fresco y arom\u00e1tico, con notas de fruta madura y final delicadamente salino. \u00a1Haz tu pedido online AHORA!\" \/>\n<meta name=\"robots\" content=\"index, follow, max-snippet:-1, max-image-preview:large, max-video-preview:-1\" \/>\n<link rel=\"canonical\" href=\"https:\/\/costeira.wine\/tienda\/bodegas\/vina-costeira-ribeiro\/as-furnas\/\" \/>\n<meta property=\"og:locale\" content=\"en_US\" \/>\n<meta property=\"og:type\" content=\"article\" \/>\n<meta property=\"og:title\" content=\"As Furnas - Vi\u00f1a costeira\" \/>\n<meta property=\"og:description\" content=\"Godello del Ribeiro fresco y arom\u00e1tico, con notas de fruta madura y final delicadamente salino. \u00a1Haz tu pedido online AHORA!\" \/>\n<meta property=\"og:url\" content=\"https:\/\/costeira.wine\/tienda\/bodegas\/vina-costeira-ribeiro\/as-furnas\/\" \/>\n<meta property=\"og:site_name\" content=\"Vi\u00f1a costeira\" \/>\n<meta property=\"article:publisher\" content=\"https:\/\/www.facebook.com\/vinacosteira\/\" \/>\n<meta property=\"article:modified_time\" content=\"2026-04-01T10:11:44+00:00\" \/>\n<meta property=\"og:image\" content=\"https:\/\/costeira.wine\/wp-content\/uploads\/2026\/03\/16-1024x1024.png\" \/>\n\t<meta property=\"og:image:width\" content=\"1024\" \/>\n\t<meta property=\"og:image:height\" content=\"1024\" \/>\n\t<meta property=\"og:image:type\" content=\"image\/png\" \/>\n<meta name=\"twitter:card\" content=\"summary_large_image\" \/>\n<meta name=\"twitter:site\" content=\"@costeira_es\" \/>\n<meta name=\"twitter:label1\" content=\"Est. reading time\" \/>\n\t<meta name=\"twitter:data1\" content=\"1 minute\" \/>\n<script type=\"application\/ld+json\" class=\"yoast-schema-graph\">{\"@context\":\"https:\\\/\\\/schema.org\",\"@graph\":[{\"@type\":\"WebPage\",\"@id\":\"https:\\\/\\\/costeira.wine\\\/tienda\\\/bodegas\\\/vina-costeira-ribeiro\\\/as-furnas\\\/\",\"url\":\"https:\\\/\\\/costeira.wine\\\/tienda\\\/bodegas\\\/vina-costeira-ribeiro\\\/as-furnas\\\/\",\"name\":\"As Furnas - Vi\u00f1a costeira\",\"isPartOf\":{\"@id\":\"https:\\\/\\\/costeira.wine\\\/#website\"},\"primaryImageOfPage\":{\"@id\":\"https:\\\/\\\/costeira.wine\\\/tienda\\\/bodegas\\\/vina-costeira-ribeiro\\\/as-furnas\\\/#primaryimage\"},\"image\":{\"@id\":\"https:\\\/\\\/costeira.wine\\\/tienda\\\/bodegas\\\/vina-costeira-ribeiro\\\/as-furnas\\\/#primaryimage\"},\"thumbnailUrl\":\"https:\\\/\\\/costeira.wine\\\/wp-content\\\/uploads\\\/2026\\\/03\\\/16.png\",\"datePublished\":\"2026-03-31T13:30:56+00:00\",\"dateModified\":\"2026-04-01T10:11:44+00:00\",\"description\":\"Godello del Ribeiro fresco y arom\u00e1tico, con notas de fruta madura y final delicadamente salino. \u00a1Haz tu pedido online AHORA!\",\"breadcrumb\":{\"@id\":\"https:\\\/\\\/costeira.wine\\\/tienda\\\/bodegas\\\/vina-costeira-ribeiro\\\/as-furnas\\\/#breadcrumb\"},\"inLanguage\":\"en-US\",\"potentialAction\":[{\"@type\":\"ReadAction\",\"target\":[\"https:\\\/\\\/costeira.wine\\\/tienda\\\/bodegas\\\/vina-costeira-ribeiro\\\/as-furnas\\\/\"]}]},{\"@type\":\"ImageObject\",\"inLanguage\":\"en-US\",\"@id\":\"https:\\\/\\\/costeira.wine\\\/tienda\\\/bodegas\\\/vina-costeira-ribeiro\\\/as-furnas\\\/#primaryimage\",\"url\":\"https:\\\/\\\/costeira.wine\\\/wp-content\\\/uploads\\\/2026\\\/03\\\/16.png\",\"contentUrl\":\"https:\\\/\\\/costeira.wine\\\/wp-content\\\/uploads\\\/2026\\\/03\\\/16.png\",\"width\":1575,\"height\":1575},{\"@type\":\"BreadcrumbList\",\"@id\":\"https:\\\/\\\/costeira.wine\\\/tienda\\\/bodegas\\\/vina-costeira-ribeiro\\\/as-furnas\\\/#breadcrumb\",\"itemListElement\":[{\"@type\":\"ListItem\",\"position\":1,\"name\":\"Portada\",\"item\":\"https:\\\/\\\/costeira.wine\\\/\"},{\"@type\":\"ListItem\",\"position\":2,\"name\":\"Tienda\",\"item\":\"https:\\\/\\\/costeira.wine\\\/tienda\\\/\"},{\"@type\":\"ListItem\",\"position\":3,\"name\":\"As Furnas\"}]},{\"@type\":\"WebSite\",\"@id\":\"https:\\\/\\\/costeira.wine\\\/#website\",\"url\":\"https:\\\/\\\/costeira.wine\\\/\",\"name\":\"Vi\u00f1a costeira\",\"description\":\"En la bodega Vi\u00f1a Costeira elaboramos vinos de D.O. Ribeiro y Valdeorras. Nuestros productos nos han convertido en la mejor bodega de Espa\u00f1a. \u00a1Con\u00f3cenos!\",\"publisher\":{\"@id\":\"https:\\\/\\\/costeira.wine\\\/#organization\"},\"potentialAction\":[{\"@type\":\"SearchAction\",\"target\":{\"@type\":\"EntryPoint\",\"urlTemplate\":\"https:\\\/\\\/costeira.wine\\\/?s={search_term_string}\"},\"query-input\":{\"@type\":\"PropertyValueSpecification\",\"valueRequired\":true,\"valueName\":\"search_term_string\"}}],\"inLanguage\":\"en-US\"},{\"@type\":\"Organization\",\"@id\":\"https:\\\/\\\/costeira.wine\\\/#organization\",\"name\":\"Vi\u00f1a costeira\",\"url\":\"https:\\\/\\\/costeira.wine\\\/\",\"logo\":{\"@type\":\"ImageObject\",\"inLanguage\":\"en-US\",\"@id\":\"https:\\\/\\\/costeira.wine\\\/#\\\/schema\\\/logo\\\/image\\\/\",\"url\":\"https:\\\/\\\/costeira.wine\\\/wp-content\\\/uploads\\\/2021\\\/06\\\/logo_vina_costeira.svg\",\"contentUrl\":\"https:\\\/\\\/costeira.wine\\\/wp-content\\\/uploads\\\/2021\\\/06\\\/logo_vina_costeira.svg\",\"width\":1024,\"height\":100,\"caption\":\"Vi\u00f1a costeira\"},\"image\":{\"@id\":\"https:\\\/\\\/costeira.wine\\\/#\\\/schema\\\/logo\\\/image\\\/\"},\"sameAs\":[\"https:\\\/\\\/www.facebook.com\\\/vinacosteira\\\/\",\"https:\\\/\\\/x.com\\\/costeira_es\",\"https:\\\/\\\/www.instagram.com\\\/costeira.es\\\/\",\"https:\\\/\\\/www.linkedin.com\\\/company\\\/vi\u00f1a-costeira\\\/\",\"https:\\\/\\\/www.youtube.com\\\/channel\\\/UCx-kNrCaW0EIlxNK7nBRyfA\"]}]}<\/script>\n<!-- \/ Yoast SEO plugin. -->","yoast_head_json":{"title":"As Furnas - Vi\u00f1a costeira","description":"Godello del Ribeiro fresco y arom\u00e1tico, con notas de fruta madura y final delicadamente salino. \u00a1Haz tu pedido online AHORA!","robots":{"index":"index","follow":"follow","max-snippet":"max-snippet:-1","max-image-preview":"max-image-preview:large","max-video-preview":"max-video-preview:-1"},"canonical":"https:\/\/costeira.wine\/tienda\/bodegas\/vina-costeira-ribeiro\/as-furnas\/","og_locale":"en_US","og_type":"article","og_title":"As Furnas - Vi\u00f1a costeira","og_description":"Godello del Ribeiro fresco y arom\u00e1tico, con notas de fruta madura y final delicadamente salino. \u00a1Haz tu pedido online AHORA!","og_url":"https:\/\/costeira.wine\/tienda\/bodegas\/vina-costeira-ribeiro\/as-furnas\/","og_site_name":"Vi\u00f1a costeira","article_publisher":"https:\/\/www.facebook.com\/vinacosteira\/","article_modified_time":"2026-04-01T10:11:44+00:00","og_image":[{"width":1024,"height":1024,"url":"https:\/\/costeira.wine\/wp-content\/uploads\/2026\/03\/16-1024x1024.png","type":"image\/png"}],"twitter_card":"summary_large_image","twitter_site":"@costeira_es","twitter_misc":{"Est. reading time":"1 minute"},"schema":{"@context":"https:\/\/schema.org","@graph":[{"@type":"WebPage","@id":"https:\/\/costeira.wine\/tienda\/bodegas\/vina-costeira-ribeiro\/as-furnas\/","url":"https:\/\/costeira.wine\/tienda\/bodegas\/vina-costeira-ribeiro\/as-furnas\/","name":"As Furnas - Vi\u00f1a costeira","isPartOf":{"@id":"https:\/\/costeira.wine\/#website"},"primaryImageOfPage":{"@id":"https:\/\/costeira.wine\/tienda\/bodegas\/vina-costeira-ribeiro\/as-furnas\/#primaryimage"},"image":{"@id":"https:\/\/costeira.wine\/tienda\/bodegas\/vina-costeira-ribeiro\/as-furnas\/#primaryimage"},"thumbnailUrl":"https:\/\/costeira.wine\/wp-content\/uploads\/2026\/03\/16.png","datePublished":"2026-03-31T13:30:56+00:00","dateModified":"2026-04-01T10:11:44+00:00","description":"Godello del Ribeiro fresco y arom\u00e1tico, con notas de fruta madura y final delicadamente salino. \u00a1Haz tu pedido online AHORA!","breadcrumb":{"@id":"https:\/\/costeira.wine\/tienda\/bodegas\/vina-costeira-ribeiro\/as-furnas\/#breadcrumb"},"inLanguage":"en-US","potentialAction":[{"@type":"ReadAction","target":["https:\/\/costeira.wine\/tienda\/bodegas\/vina-costeira-ribeiro\/as-furnas\/"]}]},{"@type":"ImageObject","inLanguage":"en-US","@id":"https:\/\/costeira.wine\/tienda\/bodegas\/vina-costeira-ribeiro\/as-furnas\/#primaryimage","url":"https:\/\/costeira.wine\/wp-content\/uploads\/2026\/03\/16.png","contentUrl":"https:\/\/costeira.wine\/wp-content\/uploads\/2026\/03\/16.png","width":1575,"height":1575},{"@type":"BreadcrumbList","@id":"https:\/\/costeira.wine\/tienda\/bodegas\/vina-costeira-ribeiro\/as-furnas\/#breadcrumb","itemListElement":[{"@type":"ListItem","position":1,"name":"Portada","item":"https:\/\/costeira.wine\/"},{"@type":"ListItem","position":2,"name":"Tienda","item":"https:\/\/costeira.wine\/tienda\/"},{"@type":"ListItem","position":3,"name":"As Furnas"}]},{"@type":"WebSite","@id":"https:\/\/costeira.wine\/#website","url":"https:\/\/costeira.wine\/","name":"Vi\u00f1a costeira","description":"En la bodega Vi\u00f1a Costeira elaboramos vinos de D.O. Ribeiro y Valdeorras. Nuestros productos nos han convertido en la mejor bodega de Espa\u00f1a. \u00a1Con\u00f3cenos!","publisher":{"@id":"https:\/\/costeira.wine\/#organization"},"potentialAction":[{"@type":"SearchAction","target":{"@type":"EntryPoint","urlTemplate":"https:\/\/costeira.wine\/?s={search_term_string}"},"query-input":{"@type":"PropertyValueSpecification","valueRequired":true,"valueName":"search_term_string"}}],"inLanguage":"en-US"},{"@type":"Organization","@id":"https:\/\/costeira.wine\/#organization","name":"Vi\u00f1a costeira","url":"https:\/\/costeira.wine\/","logo":{"@type":"ImageObject","inLanguage":"en-US","@id":"https:\/\/costeira.wine\/#\/schema\/logo\/image\/","url":"https:\/\/costeira.wine\/wp-content\/uploads\/2021\/06\/logo_vina_costeira.svg","contentUrl":"https:\/\/costeira.wine\/wp-content\/uploads\/2021\/06\/logo_vina_costeira.svg","width":1024,"height":100,"caption":"Vi\u00f1a costeira"},"image":{"@id":"https:\/\/costeira.wine\/#\/schema\/logo\/image\/"},"sameAs":["https:\/\/www.facebook.com\/vinacosteira\/","https:\/\/x.com\/costeira_es","https:\/\/www.instagram.com\/costeira.es\/","https:\/\/www.linkedin.com\/company\/vi\u00f1a-costeira\/","https:\/\/www.youtube.com\/channel\/UCx-kNrCaW0EIlxNK7nBRyfA"]}]}},"_links":{"self":[{"href":"https:\/\/costeira.wine\/en\/wp-json\/wp\/v2\/product\/238202","targetHints":{"allow":["GET"]}}],"collection":[{"href":"https:\/\/costeira.wine\/en\/wp-json\/wp\/v2\/product"}],"about":[{"href":"https:\/\/costeira.wine\/en\/wp-json\/wp\/v2\/types\/product"}],"wp:featuredmedia":[{"embeddable":true,"href":"https:\/\/costeira.wine\/en\/wp-json\/wp\/v2\/media\/238214"}],"wp:attachment":[{"href":"https:\/\/costeira.wine\/en\/wp-json\/wp\/v2\/media?parent=238202"}],"wp:term":[{"taxonomy":"product_brand","embeddable":true,"href":"https:\/\/costeira.wine\/en\/wp-json\/wp\/v2\/product_brand?post=238202"},{"taxonomy":"product_cat","embeddable":true,"href":"https:\/\/costeira.wine\/en\/wp-json\/wp\/v2\/product_cat?post=238202"},{"taxonomy":"product_tag","embeddable":true,"href":"https:\/\/costeira.wine\/en\/wp-json\/wp\/v2\/product_tag?post=238202"},{"taxonomy":"gift","embeddable":true,"href":"https:\/\/costeira.wine\/en\/wp-json\/wp\/v2\/gift?post=238202"},{"taxonomy":"color","embeddable":true,"href":"https:\/\/costeira.wine\/en\/wp-json\/wp\/v2\/color?post=238202"},{"taxonomy":"grape","embeddable":true,"href":"https:\/\/costeira.wine\/en\/wp-json\/wp\/v2\/grape?post=238202"},{"taxonomy":"woo-feed-brand","embeddable":true,"href":"https:\/\/costeira.wine\/en\/wp-json\/wp\/v2\/woo-feed-brand?post=238202"}],"curies":[{"name":"wp","href":"https:\/\/api.w.org\/{rel}","templated":true}]}}